{"id":9300,"date":"2026-01-02T10:20:01","date_gmt":"2026-01-02T09:20:01","guid":{"rendered":"https:\/\/www.eintracht-schretzheim.de\/?page_id=9300"},"modified":"2026-01-13T16:51:28","modified_gmt":"2026-01-13T15:51:28","slug":"schuetzenkoenige-2025","status":"publish","type":"page","link":"https:\/\/www.eintracht-schretzheim.de\/?page_id=9300","title":{"rendered":"Sch\u00fctzenk\u00f6nige 2025"},"content":{"rendered":"<figure id=\"attachment_9302\" aria-describedby=\"caption-attachment-9302\" style=\"width: 644px\" class=\"wp-caption alignnone\"><a href=\"https:\/\/www.eintracht-schretzheim.de\/?attachment_id=9302\" rel=\"attachment wp-att-9302\"><img fetchpriority=\"high\" decoding=\"async\" class=\"wp-image-9302 size-large\" src=\"https:\/\/www.eintracht-schretzheim.de\/wp-content\/uploads\/2026\/01\/WhatsApp-Image-2025-12-30-at-09.07.26-644x483.jpeg\" alt=\"\" width=\"644\" height=\"483\" srcset=\"https:\/\/www.eintracht-schretzheim.de\/wp-content\/uploads\/2026\/01\/WhatsApp-Image-2025-12-30-at-09.07.26-644x483.jpeg 644w, https:\/\/www.eintracht-schretzheim.de\/wp-content\/uploads\/2026\/01\/WhatsApp-Image-2025-12-30-at-09.07.26-300x225.jpeg 300w, https:\/\/www.eintracht-schretzheim.de\/wp-content\/uploads\/2026\/01\/WhatsApp-Image-2025-12-30-at-09.07.26-768x576.jpeg 768w, https:\/\/www.eintracht-schretzheim.de\/wp-content\/uploads\/2026\/01\/WhatsApp-Image-2025-12-30-at-09.07.26-1536x1152.jpeg 1536w, https:\/\/www.eintracht-schretzheim.de\/wp-content\/uploads\/2026\/01\/WhatsApp-Image-2025-12-30-at-09.07.26.jpeg 2048w\" sizes=\"(max-width: 644px) 100vw, 644px\" \/><\/a><figcaption id=\"caption-attachment-9302\" class=\"wp-caption-text\">Ehrentr\u00e4ger von links: Mehmet Kursuncu (Sch\u00fctzenklasse) &#8211; Josef Barfu\u00df (Jugend) &#8211; Raimund Weichenmeier (Auflage)<\/figcaption><\/figure>\n<p><a href=\"https:\/\/www.eintracht-schretzheim.de\/?attachment_id=9363\" rel=\"attachment wp-att-9363\"><img decoding=\"async\" class=\"alignnone wp-image-9363 size-full\" src=\"https:\/\/www.eintracht-schretzheim.de\/wp-content\/uploads\/2026\/01\/Zeitungsartikel-e1768319263293.jpeg\" alt=\"\" width=\"993\" height=\"486\" srcset=\"https:\/\/www.eintracht-schretzheim.de\/wp-content\/uploads\/2026\/01\/Zeitungsartikel-e1768319263293.jpeg 993w, https:\/\/www.eintracht-schretzheim.de\/wp-content\/uploads\/2026\/01\/Zeitungsartikel-e1768319263293-300x147.jpeg 300w, https:\/\/www.eintracht-schretzheim.de\/wp-content\/uploads\/2026\/01\/Zeitungsartikel-e1768319263293-644x315.jpeg 644w, https:\/\/www.eintracht-schretzheim.de\/wp-content\/uploads\/2026\/01\/Zeitungsartikel-e1768319263293-768x376.jpeg 768w\" sizes=\"(max-width: 993px) 100vw, 993px\" \/><\/a><\/p>\n<p><a href=\"https:\/\/www.eintracht-schretzheim.de\/?attachment_id=9364\" rel=\"attachment wp-att-9364\"><img decoding=\"async\" class=\"alignnone wp-image-9364 size-large\" src=\"https:\/\/www.eintracht-schretzheim.de\/wp-content\/uploads\/2026\/01\/MitgliederEhrung-e1768319318460-644x1224.jpeg\" alt=\"\" width=\"644\" height=\"1224\" srcset=\"https:\/\/www.eintracht-schretzheim.de\/wp-content\/uploads\/2026\/01\/MitgliederEhrung-e1768319318460-644x1224.jpeg 644w, https:\/\/www.eintracht-schretzheim.de\/wp-content\/uploads\/2026\/01\/MitgliederEhrung-e1768319318460-158x300.jpeg 158w, https:\/\/www.eintracht-schretzheim.de\/wp-content\/uploads\/2026\/01\/MitgliederEhrung-e1768319318460-768x1460.jpeg 768w, https:\/\/www.eintracht-schretzheim.de\/wp-content\/uploads\/2026\/01\/MitgliederEhrung-e1768319318460.jpeg 797w\" sizes=\"(max-width: 644px) 100vw, 644px\" \/><\/a><\/p>\n","protected":false},"excerpt":{"rendered":"","protected":false},"author":11,"featured_media":0,"parent":0,"menu_order":0,"comment_status":"closed","ping_status":"closed","template":"","meta":{"footnotes":""},"class_list":["post-9300","page","type-page","status-publish","hentry"],"_links":{"self":[{"href":"https:\/\/www.eintracht-schretzheim.de\/index.php?rest_route=\/wp\/v2\/pages\/9300","targetHints":{"allow":["GET"]}}],"collection":[{"href":"https:\/\/www.eintracht-schretzheim.de\/index.php?rest_route=\/wp\/v2\/pages"}],"about":[{"href":"https:\/\/www.eintracht-schretzheim.de\/index.php?rest_route=\/wp\/v2\/types\/page"}],"author":[{"embeddable":true,"href":"https:\/\/www.eintracht-schretzheim.de\/index.php?rest_route=\/wp\/v2\/users\/11"}],"replies":[{"embeddable":true,"href":"https:\/\/www.eintracht-schretzheim.de\/index.php?rest_route=%2Fwp%2Fv2%2Fcomments&post=9300"}],"version-history":[{"count":5,"href":"https:\/\/www.eintracht-schretzheim.de\/index.php?rest_route=\/wp\/v2\/pages\/9300\/revisions"}],"predecessor-version":[{"id":9366,"href":"https:\/\/www.eintracht-schretzheim.de\/index.php?rest_route=\/wp\/v2\/pages\/9300\/revisions\/9366"}],"wp:attachment":[{"href":"https:\/\/www.eintracht-schretzheim.de\/index.php?rest_route=%2Fwp%2Fv2%2Fmedia&parent=9300"}],"curies":[{"name":"wp","href":"https:\/\/api.w.org\/{rel}","templated":true}]}}