{"id":9010,"date":"2025-10-13T16:14:47","date_gmt":"2025-10-13T14:14:47","guid":{"rendered":"https:\/\/www.eintracht-schretzheim.de\/?page_id=9010"},"modified":"2026-04-14T15:07:30","modified_gmt":"2026-04-14T13:07:30","slug":"luftpistole-1-2","status":"publish","type":"page","link":"https:\/\/www.eintracht-schretzheim.de\/?page_id=9010","title":{"rendered":"Luftpistole 1 (2026)"},"content":{"rendered":"\n\n<div class=\"su-posts su-posts-default-loop \">\n\n\t\n\t\t\t\t\t\n\t\t\t\n\t\t\t<div id=\"su-post-9079\" class=\"su-post \">\n\n\t\t\t\t\n\t\t\t\t<h2 class=\"su-post-title\"><a href=\"https:\/\/www.eintracht-schretzheim.de\/?p=9079\">RWK 2026 &#8211; LP1 &#8211; 1. Wettkampftag<\/a><\/h2>\n\n\t\t\t\t<div class=\"su-post-meta\">\n\t\t\t\t\tVer\u00f6ffentlicht: 27. Oktober 2025\t\t\t\t<\/div>\n\n\t\t\t\t<div class=\"su-post-excerpt\">\n\t\t\t\t\t<p>Aufregung, Gezitter und doch Grund zur Freude Endlich war es wieder soweit. Nachdem \u00fcber viele Diskussionen hinweg kurzfristig der Wettkampfplan noch umge\u00e4ndert wurde, fand nun in der Schwabenliga-Nord das erste Aufeinandertreffen statt. Dabei hatten die Schretzheimer gleich ein Heimspiel und mussten am Vormittag gegen Klosterlechfeld ran. Sie kannte man bereits von vor zwei Jahren, als&#8230;<\/p>\n\t\t\t\t<\/div>\n\n\t\t\t\t\t\t\t\t\t<a href=\"https:\/\/www.eintracht-schretzheim.de\/?p=9079#respond\" class=\"su-post-comments-link\">0 Kommentare<\/a>\n\t\t\t\t\n\t\t\t<\/div>\n\n\t\t\t\t\t\n\t\t\t\n\t\t\t<div id=\"su-post-9153\" class=\"su-post \">\n\n\t\t\t\t\n\t\t\t\t<h2 class=\"su-post-title\"><a href=\"https:\/\/www.eintracht-schretzheim.de\/?p=9153\">RWK 2026 &#8211; LP1 &#8211; 2. Wettkampftag<\/a><\/h2>\n\n\t\t\t\t<div class=\"su-post-meta\">\n\t\t\t\t\tVer\u00f6ffentlicht: 11. November 2025\t\t\t\t<\/div>\n\n\t\t\t\t<div class=\"su-post-excerpt\">\n\t\t\t\t\t<p>Zahlenspielchen interessieren nicht Am zweiten Sonntag in dieser Saison kamen die frisch dazugesto\u00dfenen Jungs von D\u00fcrrenzimmern in den Genuss einen Wettkampf auszutragen. Daf\u00fcr mieteten sie sich im Sch\u00fctzenhaus Wechingen ein, da hier die R\u00e4umlichkeiten in solcher Gr\u00f6\u00dfe gegeben sind, dass auch einige Zuschauer direkt hinter den Sch\u00fctzen mit fiebern konnten. Hier trat unser Quintett dann&#8230;<\/p>\n\t\t\t\t<\/div>\n\n\t\t\t\t\t\t\t\t\t<a href=\"https:\/\/www.eintracht-schretzheim.de\/?p=9153#respond\" class=\"su-post-comments-link\">0 Kommentare<\/a>\n\t\t\t\t\n\t\t\t<\/div>\n\n\t\t\t\t\t\n\t\t\t\n\t\t\t<div id=\"su-post-9187\" class=\"su-post \">\n\n\t\t\t\t\n\t\t\t\t<h2 class=\"su-post-title\"><a href=\"https:\/\/www.eintracht-schretzheim.de\/?p=9187\">RWK 2026 &#8211; LP1 &#8211; 3. Wettkampftag<\/a><\/h2>\n\n\t\t\t\t<div class=\"su-post-meta\">\n\t\t\t\t\tVer\u00f6ffentlicht: 24. November 2025\t\t\t\t<\/div>\n\n\t\t\t\t<div class=\"su-post-excerpt\">\n\t\t\t\t\t<p>Auf in die Gro\u00dfstadt! Die Reise nach Augsburg trat man diesmal zwar mit Fanclub aber &#8222;Ersatzgeschw\u00e4cht&#8220; an, da Mannschaftsf\u00fchrer Christian B\u00e4sche zu Hause f\u00fcr den Kindergeburtstag herhalten musste und somit nur Daumen dr\u00fccken konnte. Die Augsburger boten ein gro\u00dfes Sch\u00fctzenheim mit \u00fcber 20 St\u00e4nden, sodass man von den 4 Begegnungen zweimal 2 gleichzeitig schie\u00dfen lassen&#8230;<\/p>\n\t\t\t\t<\/div>\n\n\t\t\t\t\t\t\t\t\t<a href=\"https:\/\/www.eintracht-schretzheim.de\/?p=9187#respond\" class=\"su-post-comments-link\">0 Kommentare<\/a>\n\t\t\t\t\n\t\t\t<\/div>\n\n\t\t\t\t\t\n\t\t\t\n\t\t\t<div id=\"su-post-9246\" class=\"su-post \">\n\n\t\t\t\t\n\t\t\t\t<h2 class=\"su-post-title\"><a href=\"https:\/\/www.eintracht-schretzheim.de\/?p=9246\">RWK 2026 &#8211; LP1 &#8211; 4. Wettkampftag<\/a><\/h2>\n\n\t\t\t\t<div class=\"su-post-meta\">\n\t\t\t\t\tVer\u00f6ffentlicht: 8. Dezember 2025\t\t\t\t<\/div>\n\n\t\t\t\t<div class=\"su-post-excerpt\">\n\t\t\t\t\t<p>B\u00f6ses Erwachen? Die Mitte der Saison war erreicht. Dies bedeutete, dass am Vormittag der letzte Wettkampf der Hinrunde stattfand und am Nachmittag der Auftakt zur R\u00fcckrunde eingeleitet wurde. Eigentlich war Wullenstetten ein sehr gef\u00e4hrlicher Gegner. Allerdings wollte ihr bester Sch\u00fctze nicht antreten, wodurch sich f\u00fcr unser Quintett eine gro\u00dfe T\u00fcr \u00f6ffnete. Auf Position 5 siegte&#8230;<\/p>\n\t\t\t\t<\/div>\n\n\t\t\t\t\t\t\t\t\t<a href=\"https:\/\/www.eintracht-schretzheim.de\/?p=9246#respond\" class=\"su-post-comments-link\">0 Kommentare<\/a>\n\t\t\t\t\n\t\t\t<\/div>\n\n\t\t\t\t\t\n\t\t\t\n\t\t\t<div id=\"su-post-9343\" class=\"su-post \">\n\n\t\t\t\t\n\t\t\t\t<h2 class=\"su-post-title\"><a href=\"https:\/\/www.eintracht-schretzheim.de\/?p=9343\">RWK 2026 &#8211; LP1 &#8211; 5. Wettkampftag<\/a><\/h2>\n\n\t\t\t\t<div class=\"su-post-meta\">\n\t\t\t\t\tVer\u00f6ffentlicht: 12. Januar 2026\t\t\t\t<\/div>\n\n\t\t\t\t<div class=\"su-post-excerpt\">\n\t\t\t\t\t<p>Bricht nun die Siegesserie? Eine sehr euphorische Weihnachtsfeier wie auch der Jahreswechsel ging vor\u00fcber. In dieser Zeit tr\u00e4umten bereits einige Fans unseres Pistolen-Quintetts vom eventuellen Aufstieg&#8230; Doch das hilft alles nichts, denn es m\u00fcssen weitere Tatsachen geschaffen werden. Mit diesem Ansporn reiste die Mannschaft nach Ay bei Senden, um sich dort am Vormittag mit Welden&#8230;<\/p>\n\t\t\t\t<\/div>\n\n\t\t\t\t\t\t\t\t\t<a href=\"https:\/\/www.eintracht-schretzheim.de\/?p=9343#respond\" class=\"su-post-comments-link\">0 Kommentare<\/a>\n\t\t\t\t\n\t\t\t<\/div>\n\n\t\t\t\t\t\n\t\t\t\n\t\t\t<div id=\"su-post-9409\" class=\"su-post \">\n\n\t\t\t\t\n\t\t\t\t<h2 class=\"su-post-title\"><a href=\"https:\/\/www.eintracht-schretzheim.de\/?p=9409\">RWK 2026 &#8211; LP1 &#8211; 6. Wettkampftag<\/a><\/h2>\n\n\t\t\t\t<div class=\"su-post-meta\">\n\t\t\t\t\tVer\u00f6ffentlicht: 25. Januar 2026\t\t\t\t<\/div>\n\n\t\t\t\t<div class=\"su-post-excerpt\">\n\t\t\t\t\t<p>D\u00fcrfen wir schon feiern? Zum vorletzten Wettkampftag musste unser Student von Position 1, Julian Miehlich, aufgrund seiner Pr\u00fcfungen aussetzten. Deshalb fuhr nach Wechingen erneut Florian Miehlich mit, der sich auf Position 2 zu behaupten hatte. Am Vormittag traf unser Quintett auf die Altst\u00e4dter aus Augsburg. Gegen Reznik Sergey (349 Ringe) konnte sich Florian Miehlich auf&#8230;<\/p>\n\t\t\t\t<\/div>\n\n\t\t\t\t\t\t\t\t\t<a href=\"https:\/\/www.eintracht-schretzheim.de\/?p=9409#respond\" class=\"su-post-comments-link\">0 Kommentare<\/a>\n\t\t\t\t\n\t\t\t<\/div>\n\n\t\t\t\t\t\n\t\t\t\n\t\t\t<div id=\"su-post-9476\" class=\"su-post \">\n\n\t\t\t\t\n\t\t\t\t<h2 class=\"su-post-title\"><a href=\"https:\/\/www.eintracht-schretzheim.de\/?p=9476\">RWK 2026 &#8211; LP1 &#8211; 7. Wettkampftag<\/a><\/h2>\n\n\t\t\t\t<div class=\"su-post-meta\">\n\t\t\t\t\tVer\u00f6ffentlicht: 24. Februar 2026\t\t\t\t<\/div>\n\n\t\t\t\t<div class=\"su-post-excerpt\">\n\t\t\t\t\t<p>Nur 100% Nach Emersacker zum letzten Wettkampftag konnte unser Quintett ja bereits jubelnd anreisen, dennoch nahm man sich gegen Wullenstetten noch ordentlich was vor. W\u00e4hrend Alexander R\u00f6mming diesmal ausfiel, durfte auf Position 5 einer der jungen Wilden antreten. Johannes D\u00f6rle brachte bei seinem Einstand gleich mal alle zum Staunen, au\u00dfer seinen Kontrahenten, Kiener Stefan, der&#8230;<\/p>\n\t\t\t\t<\/div>\n\n\t\t\t\t\t\t\t\t\t<a href=\"https:\/\/www.eintracht-schretzheim.de\/?p=9476#respond\" class=\"su-post-comments-link\">0 Kommentare<\/a>\n\t\t\t\t\n\t\t\t<\/div>\n\n\t\t\t\t\t\n\t\t\t\n\t\t\t<div id=\"su-post-9544\" class=\"su-post \">\n\n\t\t\t\t\n\t\t\t\t<h2 class=\"su-post-title\"><a href=\"https:\/\/www.eintracht-schretzheim.de\/?p=9544\">RWK 2026 &#8211; LP1 &#8211; Schwabenfinale<\/a><\/h2>\n\n\t\t\t\t<div class=\"su-post-meta\">\n\t\t\t\t\tVer\u00f6ffentlicht: 18. M\u00e4rz 2026\t\t\t\t<\/div>\n\n\t\t\t\t<div class=\"su-post-excerpt\">\n\t\t\t\t\t<p>So sehen Meister aus! Nachdem man in der Schwabenliga-Nord sich den Meistertitel erk\u00e4mpfte, flog da so eine Einladung ins Haus. Dieser wollte unser Team nat\u00fcrlich nachkommen und so fand man sich im sehenswerten Schie\u00df-Stadion von Gro\u00dfaitingen wieder, wo in einem einzigen Durchgang von 40 Sch\u00fctzen (Gewehr und Pistole) entschieden wurde, welcher Mannschaft f\u00fcr diese Saison&#8230;<\/p>\n\t\t\t\t<\/div>\n\n\t\t\t\t\t\t\t\t\t<a href=\"https:\/\/www.eintracht-schretzheim.de\/?p=9544#respond\" class=\"su-post-comments-link\">0 Kommentare<\/a>\n\t\t\t\t\n\t\t\t<\/div>\n\n\t\t\t\t\t\n\t\t\t\n\t\t\t<div id=\"su-post-9615\" class=\"su-post \">\n\n\t\t\t\t\n\t\t\t\t<h2 class=\"su-post-title\"><a href=\"https:\/\/www.eintracht-schretzheim.de\/?p=9615\">RWK 2026 &#8211; LP1 &#8211; Aufstiegskampf<\/a><\/h2>\n\n\t\t\t\t<div class=\"su-post-meta\">\n\t\t\t\t\tVer\u00f6ffentlicht: 13. April 2026\t\t\t\t<\/div>\n\n\t\t\t\t<div class=\"su-post-excerpt\">\n\t\t\t\t\t<p>Hey du! Ja, du! Der Tag der Entscheidung stand nun endlich an. Nachdem der Gro\u00dfteil des Fanclubs doch lieber von zu Hause aus die Daumen dr\u00fccken wollte, gen\u00fcgte fast der Mannschaftsbus um unser Team nat\u00fcrlich, aber auch Vorstand Stefan B\u00e4sche und die noch \u00fcbrigen Anh\u00e4nger (Reinhard B\u00e4sche und Roland Miehlich) nach M\u00fcnchen zu bringen. Der&#8230;<\/p>\n\t\t\t\t<\/div>\n\n\t\t\t\t\t\t\t\t\t<a href=\"https:\/\/www.eintracht-schretzheim.de\/?p=9615#respond\" class=\"su-post-comments-link\">0 Kommentare<\/a>\n\t\t\t\t\n\t\t\t<\/div>\n\n\t\t\n\t\n<\/div>\n\n<p>Zu der Tabelle gelangen Sie \u00fcber folgenden Link: <a href=\"https:\/\/www.rwk-onlinemelder.de\/online\/listen\/700?sel_group_id=83&amp;sel_discipline_id=3&amp;sel_class_id=3&amp;showCombined=0\">RWK-Onlinemelder &#8211; Sch\u00fctzenbezirk Schwaben &#8211; Ergebnisse und Tabellen<\/a><\/p>\n","protected":false},"excerpt":{"rendered":"<p>Zu der Tabelle gelangen Sie \u00fcber folgenden Link: RWK-Onlinemelder &#8211; Sch\u00fctzenbezirk Schwaben &#8211; Ergebnisse und Tabellen<\/p>\n","protected":false},"author":11,"featured_media":0,"parent":0,"menu_order":0,"comment_status":"closed","ping_status":"closed","template":"","meta":{"footnotes":""},"class_list":["post-9010","page","type-page","status-publish","hentry"],"_links":{"self":[{"href":"https:\/\/www.eintracht-schretzheim.de\/index.php?rest_route=\/wp\/v2\/pages\/9010","targetHints":{"allow":["GET"]}}],"collection":[{"href":"https:\/\/www.eintracht-schretzheim.de\/index.php?rest_route=\/wp\/v2\/pages"}],"about":[{"href":"https:\/\/www.eintracht-schretzheim.de\/index.php?rest_route=\/wp\/v2\/types\/page"}],"author":[{"embeddable":true,"href":"https:\/\/www.eintracht-schretzheim.de\/index.php?rest_route=\/wp\/v2\/users\/11"}],"replies":[{"embeddable":true,"href":"https:\/\/www.eintracht-schretzheim.de\/index.php?rest_route=%2Fwp%2Fv2%2Fcomments&post=9010"}],"version-history":[{"count":12,"href":"https:\/\/www.eintracht-schretzheim.de\/index.php?rest_route=\/wp\/v2\/pages\/9010\/revisions"}],"predecessor-version":[{"id":9626,"href":"https:\/\/www.eintracht-schretzheim.de\/index.php?rest_route=\/wp\/v2\/pages\/9010\/revisions\/9626"}],"wp:attachment":[{"href":"https:\/\/www.eintracht-schretzheim.de\/index.php?rest_route=%2Fwp%2Fv2%2Fmedia&parent=9010"}],"curies":[{"name":"wp","href":"https:\/\/api.w.org\/{rel}","templated":true}]}}