{"id":8418,"date":"2024-12-29T19:16:58","date_gmt":"2024-12-29T18:16:58","guid":{"rendered":"https:\/\/www.eintracht-schretzheim.de\/?page_id=8418"},"modified":"2024-12-29T20:21:23","modified_gmt":"2024-12-29T19:21:23","slug":"weihnachtsschiessen-2024","status":"publish","type":"page","link":"https:\/\/www.eintracht-schretzheim.de\/?page_id=8418","title":{"rendered":"Weihnachtsschie\u00dfen 2024"},"content":{"rendered":"\t\t<div data-elementor-type=\"wp-page\" data-elementor-id=\"8418\" class=\"elementor elementor-8418\">\n\t\t\t\t<div class=\"elementor-element elementor-element-351654e8 e-flex e-con-boxed e-con e-parent\" data-id=\"351654e8\" data-element_type=\"container\">\n\t\t\t\t\t<div class=\"e-con-inner\">\n\t\t\t\t<div class=\"elementor-element elementor-element-301301f1 elementor-widget elementor-widget-text-editor\" data-id=\"301301f1\" data-element_type=\"widget\" data-widget_type=\"text-editor.default\">\n\t\t\t\t<div class=\"elementor-widget-container\">\n\t\t\t\t\t\t\t\t\t<p><a style=\"background-color: #ffffff; font-family: var( --e-global-typography-text-font-family ), Sans-serif; font-weight: var( --e-global-typography-text-font-weight ); text-align: var(--text-align);\" href=\"https:\/\/www.eintracht-schretzheim.de\/?attachment_id=8419\" rel=\"attachment wp-att-8419\">Blattl_-_Sch\u00fctzenk\u00f6nig<\/a><\/p>\n<p><a style=\"font-family: var( --e-global-typography-text-font-family ), Sans-serif; font-weight: var( --e-global-typography-text-font-weight ); text-align: var(--text-align); background-color: #ffffff;\" href=\"https:\/\/www.eintracht-schretzheim.de\/?attachment_id=8420\" rel=\"attachment wp-att-8420\">Blattl_-_Jugendk\u00f6nig<\/a><\/p>\n<p><a href=\"https:\/\/www.eintracht-schretzheim.de\/?attachment_id=8421\" rel=\"attachment wp-att-8421\">Blattl_-_Auflagek\u00f6nig<\/a><\/p>\n<p><a href=\"https:\/\/www.eintracht-schretzheim.de\/?attachment_id=8425\" rel=\"attachment wp-att-8425\">Blattl_Pr\u00e4mie<\/a><\/p>\n<p><a href=\"https:\/\/www.eintracht-schretzheim.de\/?attachment_id=8426\" rel=\"attachment wp-att-8426\">Blattl_-_Preise<\/a><\/p><p><br><\/p>\n<p><a style=\"background-color: #ffffff;\" href=\"https:\/\/www.eintracht-schretzheim.de\/?attachment_id=8431\" rel=\"attachment wp-att-8431\">KK-SP_Beste_Einzelserie<\/a>&nbsp; &nbsp; &nbsp; &nbsp; &nbsp;&nbsp;<a style=\"background-color: #ffffff;\" href=\"https:\/\/www.eintracht-schretzheim.de\/?attachment_id=8432\" rel=\"attachment wp-att-8432\">KK-Sportpistole_Meister<\/a><\/p>\n<p><a style=\"background-color: #ffffff;\" href=\"https:\/\/www.eintracht-schretzheim.de\/?attachment_id=8433\" rel=\"attachment wp-att-8433\">KK<\/a>&#8211;<a style=\"font-family: var( --e-global-typography-text-font-family ), Sans-serif; font-weight: var( --e-global-typography-text-font-weight ); text-align: var(--text-align); background-color: #ffffff;\" href=\"https:\/\/www.eintracht-schretzheim.de\/?attachment_id=8433\" rel=\"attachment wp-att-8433\">Liegend_Sch\u00fctzen_Beste_Einzelserie<\/a><span style=\"color: var( --e-global-color-text ); font-family: var( --e-global-typography-text-font-family ), Sans-serif; font-weight: var( --e-global-typography-text-font-weight ); text-align: var(--text-align);\">&nbsp; &nbsp; &nbsp; &nbsp;<\/span><a style=\"font-family: var( --e-global-typography-text-font-family ), Sans-serif; font-weight: var( --e-global-typography-text-font-weight ); text-align: var(--text-align); background-color: #ffffff;\" href=\"https:\/\/www.eintracht-schretzheim.de\/?attachment_id=8434\" rel=\"attachment wp-att-8434\">KK-Liegend_Sch\u00fctzen_Meister<\/a><\/p>\n<p><a style=\"font-family: var( --e-global-typography-text-font-family ), Sans-serif; font-weight: var( --e-global-typography-text-font-weight ); text-align: var(--text-align); background-color: #ffffff;\" href=\"https:\/\/www.eintracht-schretzheim.de\/?attachment_id=8435\" rel=\"attachment wp-att-8435\">KK-Auflage_Beste_Einzelserie<\/a>&nbsp; &nbsp; &nbsp; &nbsp; &nbsp;&nbsp;<a style=\"font-family: var( --e-global-typography-text-font-family ), Sans-serif; font-weight: var( --e-global-typography-text-font-weight ); text-align: var(--text-align); background-color: #ffffff;\" href=\"https:\/\/www.eintracht-schretzheim.de\/?attachment_id=8436\" rel=\"attachment wp-att-8436\">KK-Auflage_Meister<\/a><\/p>\n<p><a style=\"font-family: var( --e-global-typography-text-font-family ), Sans-serif; font-weight: var( --e-global-typography-text-font-weight ); text-align: var(--text-align); background-color: #ffffff;\" href=\"https:\/\/www.eintracht-schretzheim.de\/?attachment_id=8437\" rel=\"attachment wp-att-8437\">GK_Beste_Einzelserie<\/a>&nbsp; &nbsp; &nbsp; &nbsp; &nbsp;&nbsp;<a style=\"font-family: var( --e-global-typography-text-font-family ), Sans-serif; font-weight: var( --e-global-typography-text-font-weight ); text-align: var(--text-align); background-color: #ffffff;\" href=\"https:\/\/www.eintracht-schretzheim.de\/?attachment_id=8438\" rel=\"attachment wp-att-8438\">Gro\u00dfkaliber_Meister<\/a><\/p><p><br><\/p><p><a href=\"https:\/\/www.eintracht-schretzheim.de\/?attachment_id=8443\" rel=\"attachment wp-att-8443\" style=\"background-color: rgb(255, 255, 255);\">LP_Sch\u00fctzen_beste_Serie<\/a>&nbsp; &nbsp; &nbsp; &nbsp; &nbsp;&nbsp;<a href=\"https:\/\/www.eintracht-schretzheim.de\/?attachment_id=8444\" rel=\"attachment wp-att-8444\" style=\"background-color: rgb(255, 255, 255);\">LP_Sch\u00fctzen_Vereinsmeister<\/a><\/p><p><a href=\"https:\/\/www.eintracht-schretzheim.de\/?attachment_id=8445\" rel=\"attachment wp-att-8445\" style=\"background-color: rgb(255, 255, 255);\">LP_Jugend_beste_Serie<\/a>&nbsp; &nbsp; &nbsp; &nbsp; &nbsp;&nbsp;<a href=\"https:\/\/www.eintracht-schretzheim.de\/?attachment_id=8446\" rel=\"attachment wp-att-8446\" style=\"background-color: rgb(255, 255, 255);\">LP_Jugend_Vereinsmeister<\/a><\/p><p><a href=\"https:\/\/www.eintracht-schretzheim.de\/?attachment_id=8447\" rel=\"attachment wp-att-8447\" style=\"background-color: rgb(255, 255, 255);\">LP_Auflage_beste_Serie<\/a>&nbsp; &nbsp; &nbsp; &nbsp; &nbsp;&nbsp;<a href=\"https:\/\/www.eintracht-schretzheim.de\/?attachment_id=8448\" rel=\"attachment wp-att-8448\" style=\"background-color: rgb(255, 255, 255);\">LP_Auflage_Vereinsmeister<\/a><\/p><p><a href=\"https:\/\/www.eintracht-schretzheim.de\/?attachment_id=8449\" rel=\"attachment wp-att-8449\" style=\"background-color: rgb(255, 255, 255);\">LG_Sch\u00fctzen_beste_Serie<\/a>&nbsp; &nbsp; &nbsp; &nbsp; &nbsp;&nbsp;<a href=\"https:\/\/www.eintracht-schretzheim.de\/?attachment_id=8450\" rel=\"attachment wp-att-8450\" style=\"background-color: rgb(255, 255, 255);\">LG_Sch\u00fctzen_Vereinsmeister<\/a><\/p><p><a href=\"https:\/\/www.eintracht-schretzheim.de\/?attachment_id=8451\" rel=\"attachment wp-att-8451\" style=\"background-color: rgb(255, 255, 255);\">LG_Sch\u00fcler_beste_Serie<\/a>&nbsp; &nbsp; &nbsp; &nbsp; &nbsp;&nbsp;<a href=\"https:\/\/www.eintracht-schretzheim.de\/?attachment_id=8452\" rel=\"attachment wp-att-8452\" style=\"background-color: rgb(255, 255, 255);\">LG_Sch\u00fcler_Vereinsmeister<\/a><\/p><p><a href=\"https:\/\/www.eintracht-schretzheim.de\/?attachment_id=8453\" rel=\"attachment wp-att-8453\" style=\"background-color: rgb(255, 255, 255);\">LG_Jugend_beste_Serie<\/a>&nbsp; &nbsp; &nbsp; &nbsp; &nbsp;&nbsp;<a href=\"https:\/\/www.eintracht-schretzheim.de\/?attachment_id=8454\" rel=\"attachment wp-att-8454\" style=\"background-color: rgb(255, 255, 255);\">LG_Jugend_Vereinsmeister<\/a><\/p><p><a href=\"https:\/\/www.eintracht-schretzheim.de\/?attachment_id=8455\" rel=\"attachment wp-att-8455\" style=\"background-color: rgb(255, 255, 255);\">LG_Auflage_beste_Serie<\/a>&nbsp; &nbsp; &nbsp; &nbsp; &nbsp;&nbsp;<a href=\"https:\/\/www.eintracht-schretzheim.de\/?attachment_id=8456\" rel=\"attachment wp-att-8456\" style=\"background-color: rgb(255, 255, 255);\">LG_Auflage_Vereinsmeister<\/a><\/p><p><br><\/p><p><a href=\"https:\/\/www.eintracht-schretzheim.de\/?attachment_id=8442\" rel=\"attachment wp-att-8442\" style=\"background-color: rgb(255, 255, 255); color: rgb(86, 135, 195); outline: 0px;\">Meist_geschossenen_Scheiben<\/a><\/p>\t\t\t\t\t\t\t\t<\/div>\n\t\t\t\t<\/div>\n\t\t\t\t\t<\/div>\n\t\t\t\t<\/div>\n\t\t\t\t<\/div>\n\t\t","protected":false},"excerpt":{"rendered":"<p>Blattl_-_Sch\u00fctzenk\u00f6nig Blattl_-_Jugendk\u00f6nig Blattl_-_Auflagek\u00f6nig Blattl_Pr\u00e4mie Blattl_-_Preise KK-SP_Beste_Einzelserie&nbsp; &nbsp; &nbsp; &nbsp; &nbsp;&nbsp;KK-Sportpistole_Meister KK&#8211;Liegend_Sch\u00fctzen_Beste_Einzelserie&nbsp; &nbsp; &nbsp; &nbsp;KK-Liegend_Sch\u00fctzen_Meister KK-Auflage_Beste_Einzelserie&nbsp; &nbsp; &nbsp; &nbsp; &nbsp;&nbsp;KK-Auflage_Meister GK_Beste_Einzelserie&nbsp; &nbsp; &nbsp; &nbsp; &nbsp;&nbsp;Gro\u00dfkaliber_Meister LP_Sch\u00fctzen_beste_Serie&nbsp; &nbsp; &nbsp; &nbsp; &nbsp;&nbsp;LP_Sch\u00fctzen_Vereinsmeister LP_Jugend_beste_Serie&nbsp; &nbsp; &nbsp; &nbsp; &nbsp;&nbsp;LP_Jugend_Vereinsmeister LP_Auflage_beste_Serie&nbsp; &nbsp; &nbsp; &nbsp; &nbsp;&nbsp;LP_Auflage_Vereinsmeister LG_Sch\u00fctzen_beste_Serie&nbsp; &nbsp; &nbsp; &nbsp; &nbsp;&nbsp;LG_Sch\u00fctzen_Vereinsmeister LG_Sch\u00fcler_beste_Serie&nbsp; &nbsp; &nbsp; &nbsp; &nbsp;&nbsp;LG_Sch\u00fcler_Vereinsmeister LG_Jugend_beste_Serie&nbsp; &nbsp; &nbsp; &nbsp; &nbsp;&nbsp;LG_Jugend_Vereinsmeister LG_Auflage_beste_Serie&nbsp;&#8230;<\/p>\n","protected":false},"author":11,"featured_media":0,"parent":0,"menu_order":0,"comment_status":"closed","ping_status":"closed","template":"","meta":{"footnotes":""},"class_list":["post-8418","page","type-page","status-publish","hentry"],"_links":{"self":[{"href":"https:\/\/www.eintracht-schretzheim.de\/index.php?rest_route=\/wp\/v2\/pages\/8418","targetHints":{"allow":["GET"]}}],"collection":[{"href":"https:\/\/www.eintracht-schretzheim.de\/index.php?rest_route=\/wp\/v2\/pages"}],"about":[{"href":"https:\/\/www.eintracht-schretzheim.de\/index.php?rest_route=\/wp\/v2\/types\/page"}],"author":[{"embeddable":true,"href":"https:\/\/www.eintracht-schretzheim.de\/index.php?rest_route=\/wp\/v2\/users\/11"}],"replies":[{"embeddable":true,"href":"https:\/\/www.eintracht-schretzheim.de\/index.php?rest_route=%2Fwp%2Fv2%2Fcomments&post=8418"}],"version-history":[{"count":10,"href":"https:\/\/www.eintracht-schretzheim.de\/index.php?rest_route=\/wp\/v2\/pages\/8418\/revisions"}],"predecessor-version":[{"id":8459,"href":"https:\/\/www.eintracht-schretzheim.de\/index.php?rest_route=\/wp\/v2\/pages\/8418\/revisions\/8459"}],"wp:attachment":[{"href":"https:\/\/www.eintracht-schretzheim.de\/index.php?rest_route=%2Fwp%2Fv2%2Fmedia&parent=8418"}],"curies":[{"name":"wp","href":"https:\/\/api.w.org\/{rel}","templated":true}]}}